{"id":117,"date":"2016-10-21T15:44:01","date_gmt":"2016-10-21T15:44:01","guid":{"rendered":"https:\/\/palotina.ufpr.br\/tetrahedron\/?page_id=117"},"modified":"2022-03-22T22:50:52","modified_gmt":"2022-03-22T22:50:52","slug":"atual","status":"publish","type":"page","link":"https:\/\/palotina.ufpr.br\/tetrahedron\/atual\/","title":{"rendered":"Membros Atuais"},"content":{"rendered":"<h2>Atualmente o Grupo de Pesquisa em Qu\u00edmica Org\u00e2nica e Biol\u00f3gica \u00e9 representado por:<\/h2>\n<hr \/>\n<h4><img decoding=\"async\" class=\"wp-image-286 alignleft\" src=\"https:\/\/palotina.ufpr.br\/tetrahedron\/wp-content\/uploads\/sites\/14\/2016\/10\/aline.jpg\" alt=\"aline\" width=\"133\" height=\"148\" \/>T\u00e9cnica: <strong>Aline Bavaresco<\/strong><\/h4>\n<p>Gradua\u00e7\u00e3o:\u00a0Qu\u00edmica<\/p>\n<p>Mestre em Bioenergia (UFPR)<\/p>\n<p>Atua\u00e7\u00e3o: Respons\u00e1vel pela organiza\u00e7\u00e3o e manuten\u00e7\u00e3o do Laborat\u00f3rio de Qu\u00edmica Org\u00e2nica, tanto em atividades de ensino, pesquisa e extens\u00e3o. Tamb\u00e9m \u00e9 atuante e colaboradora em projetos de pesquisa do grupo.<\/p>\n<p>Pesquisa atual em nosso grupo:\u00a0Em an\u00e1lise<\/p>\n<p><a href=\"http:\/\/lattes.cnpq.br\/1098847351310417\" target=\"_blank\" rel=\"noopener\">Curriculo Lattes<\/a><\/p>\n<hr \/>\n<h4><strong>Graziela R. R\u00f3dio<\/strong><\/h4>\n<p><img decoding=\"async\" class=\"wp-image-881 alignleft\" src=\"https:\/\/palotina.ufpr.br\/tetrahedron\/wp-content\/uploads\/sites\/14\/2016\/10\/servletrecuperafoto-225x300.jpg\" alt=\"servletrecuperafoto\" width=\"127\" height=\"169\" srcset=\"https:\/\/palotina.ufpr.br\/tetrahedron\/wp-content\/uploads\/sites\/14\/2016\/10\/servletrecuperafoto-225x300.jpg 225w, https:\/\/palotina.ufpr.br\/tetrahedron\/wp-content\/uploads\/sites\/14\/2016\/10\/servletrecuperafoto.jpg 480w\" sizes=\"(max-width: 127px) 100vw, 127px\" \/>Gradua\u00e7\u00e3o Conclu\u00edda: Biomedicina (Unipar)<\/p>\n<p>Mestrado Conclu\u00eddo:\u00a0Ci\u00eancia Animal, com \u00eanfase em Sa\u00fade P\u00fablica (Unipar)<\/p>\n<p>Doutorado em andamento: A definir<\/p>\n<p><a href=\"http:\/\/lattes.cnpq.br\/1246514972809495\" target=\"_blank\" rel=\"noopener\">Curr\u00edculo Lattes<\/a><\/p>\n<p>&nbsp;<\/p>\n<p>&nbsp;<\/p>\n<p>&nbsp;<\/p>\n<p>&nbsp;<\/p>\n<hr \/>\n<h4><strong>Pratrik Gandara<\/strong><\/h4>\n<p><img decoding=\"async\" class=\"wp-image-748 alignleft\" src=\"https:\/\/palotina.ufpr.br\/tetrahedron\/wp-content\/uploads\/sites\/14\/2016\/10\/silhueta-interroga\u00e7\u00e3o-300x218.jpg\" alt=\"silhueta-interroga\u00e7\u00e3o\" width=\"127\" height=\"92\" srcset=\"https:\/\/palotina.ufpr.br\/tetrahedron\/wp-content\/uploads\/sites\/14\/2016\/10\/silhueta-interroga\u00e7\u00e3o-300x218.jpg 300w, https:\/\/palotina.ufpr.br\/tetrahedron\/wp-content\/uploads\/sites\/14\/2016\/10\/silhueta-interroga\u00e7\u00e3o.jpg 393w\" sizes=\"(max-width: 127px) 100vw, 127px\" \/>Gradua\u00e7\u00e3o Conclu\u00edda:\u00a0Farm\u00e1cia (UFF)<\/p>\n<p>Mestrado\u00a0em andamento: Estudo computacional de canabin\u00f3ides<\/p>\n<p>Curr\u00edculo Lattes<\/p>\n<p>&nbsp;<\/p>\n<p>&nbsp;<\/p>\n<hr \/>\n<h3><img loading=\"lazy\" decoding=\"async\" class=\" wp-image-131 alignleft\" src=\"https:\/\/palotina.ufpr.br\/tetrahedron\/wp-content\/uploads\/sites\/14\/2016\/10\/Cassia.jpg\" alt=\"Cassia\" width=\"129\" height=\"176\" \/><strong>Cassia Rosana Rambo<\/strong><\/h3>\n<p>Gradua\u00e7\u00e3o conclu\u00edda: Tecnologia em Biotecnologia (UFPR)<\/p>\n<p>Mestrado Conclu\u00eddo: Estudo fitoqu\u00edmico e biol\u00f3gico de extratos de diferentes partes do cedro (<em>Cedrela fissilis<\/em> Vell.)<\/p>\n<p>Projeto de IC (atual): Estudo computacional de derivados oxigenados de esteroides.<\/p>\n<p><a href=\"http:\/\/lattes.cnpq.br\/3790427078336942\" target=\"_blank\" rel=\"noopener\">Curr\u00edculo Lattes<\/a><\/p>\n<p>&nbsp;<\/p>\n<p>&nbsp;<\/p>\n<hr \/>\n<h3>\u00a0<strong>Gabriel Luca de Lima<\/strong><\/h3>\n<p><img loading=\"lazy\" decoding=\"async\" class=\"wp-image-543 alignleft\" src=\"https:\/\/palotina.ufpr.br\/tetrahedron\/wp-content\/uploads\/sites\/14\/2016\/10\/15349578_1318240764893538_1859911500118234779_n-300x300.jpg\" alt=\"15349578_1318240764893538_1859911500118234779_n\" width=\"128\" height=\"128\" srcset=\"https:\/\/palotina.ufpr.br\/tetrahedron\/wp-content\/uploads\/sites\/14\/2016\/10\/15349578_1318240764893538_1859911500118234779_n-300x300.jpg 300w, https:\/\/palotina.ufpr.br\/tetrahedron\/wp-content\/uploads\/sites\/14\/2016\/10\/15349578_1318240764893538_1859911500118234779_n-150x150.jpg 150w, https:\/\/palotina.ufpr.br\/tetrahedron\/wp-content\/uploads\/sites\/14\/2016\/10\/15349578_1318240764893538_1859911500118234779_n-768x768.jpg 768w, https:\/\/palotina.ufpr.br\/tetrahedron\/wp-content\/uploads\/sites\/14\/2016\/10\/15349578_1318240764893538_1859911500118234779_n.jpg 960w\" sizes=\"(max-width: 128px) 100vw, 128px\" \/>Gradua\u00e7\u00e3o:\u00a0Engenharia de Bioprocessos e Biotecnologia<\/p>\n<p>Projeto Atual (IC): Uso de res\u00edduos agr\u00edcolas para produ\u00e7\u00e3o de materiais funcionais.<\/p>\n<p><a href=\"http:\/\/lattes.cnpq.br\/7855520316237163\" target=\"_blank\" rel=\"noopener\">Curr\u00edculo Lattes<\/a><\/p>\n<p>&nbsp;<\/p>\n<p>&nbsp;<\/p>\n<p>&nbsp;<\/p>\n<hr \/>\n<h3><strong>Lucas Roos<\/strong><\/h3>\n<p><img loading=\"lazy\" decoding=\"async\" class=\"wp-image-882 alignleft\" src=\"https:\/\/palotina.ufpr.br\/tetrahedron\/wp-content\/uploads\/sites\/14\/2016\/10\/pp-300x300.jpg\" alt=\"pp\" width=\"129\" height=\"129\" srcset=\"https:\/\/palotina.ufpr.br\/tetrahedron\/wp-content\/uploads\/sites\/14\/2016\/10\/pp-300x300.jpg 300w, https:\/\/palotina.ufpr.br\/tetrahedron\/wp-content\/uploads\/sites\/14\/2016\/10\/pp-150x150.jpg 150w, https:\/\/palotina.ufpr.br\/tetrahedron\/wp-content\/uploads\/sites\/14\/2016\/10\/pp.jpg 640w\" sizes=\"(max-width: 129px) 100vw, 129px\" \/>Gradua\u00e7\u00e3o:\u00a0Engenharia de Bioprocessos e Biotecnologia<\/p>\n<p>Projeto Atual (IC): Estudo mecan\u00edstico da rea\u00e7\u00e3o de Biginelli.<\/p>\n<p><a href=\"http:\/\/lattes.cnpq.br\/2607995859590509\" target=\"_blank\" rel=\"noopener\">Curr\u00edculo Lattes<\/a><\/p>\n<p>&nbsp;<\/p>\n<p>&nbsp;<\/p>\n<p>&nbsp;<\/p>\n<hr \/>\n<h3><strong>\u00a0Isabela Sutil<\/strong><\/h3>\n<p>&nbsp;<\/p>\n<p>Gradua\u00e7\u00e3o: Agronomia<\/p>\n<p>Projeto Atual (TCC): Estudo do efeito alelop\u00e1tico de\u00a0<em>Equisetum giganteum<\/em><\/p>\n<p>&nbsp;<\/p>\n<hr \/>\n<p>&nbsp;<\/p>\n","protected":false},"excerpt":{"rendered":"<p>Atualmente o Grupo de Pesquisa em Qu\u00edmica Org\u00e2nica e Biol\u00f3gica \u00e9 representado por: T\u00e9cnica: Aline Bavaresco Gradua\u00e7\u00e3o:\u00a0Qu\u00edmica Mestre em Bioenergia (UFPR) Atua\u00e7\u00e3o: Respons\u00e1vel pela organiza\u00e7\u00e3o e manuten\u00e7\u00e3o do Laborat\u00f3rio de Qu\u00edmica Org\u00e2nica, tanto em atividades de ensino, pesquisa e extens\u00e3o. Tamb\u00e9m \u00e9 atuante e colaboradora em projetos de pesquisa do grupo. Pesquisa atual em nosso &hellip; <\/p>\n<p><a class=\"more-link btn\" href=\"https:\/\/palotina.ufpr.br\/tetrahedron\/atual\/\">Continue lendo<\/a><\/p>\n","protected":false},"author":1412,"featured_media":0,"parent":0,"menu_order":0,"comment_status":"closed","ping_status":"closed","template":"","meta":{"_acf_changed":false,"footnotes":""},"class_list":["post-117","page","type-page","status-publish","hentry","nodate","item-wrap"],"acf":[],"_links":{"self":[{"href":"https:\/\/palotina.ufpr.br\/tetrahedron\/wp-json\/wp\/v2\/pages\/117","targetHints":{"allow":["GET"]}}],"collection":[{"href":"https:\/\/palotina.ufpr.br\/tetrahedron\/wp-json\/wp\/v2\/pages"}],"about":[{"href":"https:\/\/palotina.ufpr.br\/tetrahedron\/wp-json\/wp\/v2\/types\/page"}],"author":[{"embeddable":true,"href":"https:\/\/palotina.ufpr.br\/tetrahedron\/wp-json\/wp\/v2\/users\/1412"}],"replies":[{"embeddable":true,"href":"https:\/\/palotina.ufpr.br\/tetrahedron\/wp-json\/wp\/v2\/comments?post=117"}],"version-history":[{"count":57,"href":"https:\/\/palotina.ufpr.br\/tetrahedron\/wp-json\/wp\/v2\/pages\/117\/revisions"}],"predecessor-version":[{"id":1129,"href":"https:\/\/palotina.ufpr.br\/tetrahedron\/wp-json\/wp\/v2\/pages\/117\/revisions\/1129"}],"wp:attachment":[{"href":"https:\/\/palotina.ufpr.br\/tetrahedron\/wp-json\/wp\/v2\/media?parent=117"}],"curies":[{"name":"wp","href":"https:\/\/api.w.org\/{rel}","templated":true}]}}